{"id":279,"date":"2018-07-09T12:44:56","date_gmt":"2018-07-09T12:44:56","guid":{"rendered":"https:\/\/www.organconcert.hu\/?page_id=279"},"modified":"2025-05-22T04:18:07","modified_gmt":"2025-05-22T02:18:07","slug":"programok","status":"publish","type":"page","link":"https:\/\/www.organconcert.hu\/hu\/programok\/","title":{"rendered":"Programok"},"content":{"rendered":"<div class=\"wpb-content-wrapper\"><p>[vc_row][vc_column][vc_custom_heading text=&#8221;PROGRAMOK&#8221; font_container=&#8221;tag:h2|font_size:60|text_align:center|color:%239e070d&#8221; use_theme_fonts=&#8221;yes&#8221;][vc_column_text]<div id='evcal_calendar_305' class='ajde_evcal_calendar ' ><div class='evo-data' data-cyear=\"2026\" data-cmonth=\"5\" data-runajax=\"1\" data-evc_open=\"0\" data-cal_ver=\"2.6.11\" data-mapscroll=\"true\" data-mapformat=\"roadmap\" data-mapzoom=\"18\" data-mapiconurl=\"\" data-ev_cnt=\"0\" data-show_limit=\"no\" data-tiles=\"no\" data-sort_by=\"sort_date\" data-filters_on=\"false\" data-range_start=\"0\" data-range_end=\"0\" data-send_unix=\"0\" data-ux_val=\"0\" data-accord=\"0\" data-rtl=\"no\"  ><\/div><div id='evcal_head' class='calendar_header ' ><div class='evo_cal_above'><span class='evo-gototoday-btn' style='display:none' data-mo='5' data-yr='2026' data-dy=''>Aktu\u00e1lis h\u00f3nap<\/span><\/div><div class='evo_cal_above_content'><\/div><p class='evo_arrows'><span id='evcal_prev' class='evcal_arrows evcal_btn_prev' ><i class='fa fa-angle-left'><\/i><\/span><\/p><p id='evcal_cur' class='evo_month_title'> 2026 m\u00e1jus<\/p><p class='evo_arrows'><span id='evcal_next' class='evcal_arrows evcal_btn_next' ><i class='fa fa-angle-right'><\/i><\/span><\/p><div class='cal_arguments' style='display:none' data-hide_past=\"no\" data-show_et_ft_img=\"yes\" data-event_order=\"ASC\" data-ft_event_priority=\"no\" data-lang=\"L2\" data-month_incre=\"0\" data-only_ft=\"no\" data-evc_open=\"no\" data-show_limit=\"no\" data-etc_override=\"no\" data-show_limit_redir=\"0\" data-tiles=\"no\" data-tile_height=\"0\" data-tile_bg=\"0\" data-tile_count=\"2\" data-tile_style=\"0\" data-s=\"\" data-members_only=\"no\" data-ux_val=\"0\" data-show_limit_ajax=\"no\" data-show_limit_paged=\"1\" data-hide_mult_occur=\"no\" data-show_repeats=\"no\" ><\/div><div class='clear'><\/div><\/div><div class='eventon_sorting_section' style='display:none'><div class='eventon_filter_line '><div class='eventon_filter' data-filter_field='event_type' data-filter_val='all' data-filter_type='tax' data-fl_o='IN'><\/div><div class='eventon_filter' data-filter_field='event_type_2' data-filter_val='all' data-filter_type='tax' data-fl_o='IN'><\/div><div class='eventon_filter' data-filter_field='event_type_3' data-filter_val='all' data-filter_type='tax' data-fl_o='IN'><\/div><div class='eventon_filter' data-filter_field='event_type_4' data-filter_val='all' data-filter_type='tax' data-fl_o='IN'><\/div><div class='eventon_filter' data-filter_field='event_type_5' data-filter_val='all' data-filter_type='tax' data-fl_o='IN'><\/div><div class='eventon_filter' data-filter_field='event_location' data-filter_val='all' data-filter_type='tax' data-fl_o='IN'><\/div><div class='eventon_filter' data-filter_field='event_organizer' data-filter_val='all' data-filter_type='tax' data-fl_o='IN'><\/div><\/div><div class='clear'><\/div><\/div><div id='eventon_loadbar_section'><div id='eventon_loadbar'><\/div><\/div><div id='evcal_list' class='eventon_events_list'><div id=\"event_1289\" class=\"eventon_list_event evo_eventtop  event\" data-event_id=\"1289\" data-time=\"1778270400-1778284200\" data-colr=\"#9e070c\" itemscope itemtype='http:\/\/schema.org\/Event'><div class=\"evo_event_schema\" style=\"display:none\" ><a itemprop='url'  href='https:\/\/www.organconcert.hu\/hu\/events\/penteki-orgonakoncertek-176\/var\/ri-0.l-L2'><\/a><span itemprop='name'  >P\u00e9nteki Orgonakoncertek<\/span><meta itemprop='image' content='https:\/\/www.organconcert.hu\/hu\/events\/penteki-orgonakoncertek-176\/var\/ri-0.l-L2' ><\/meta><meta itemprop='description' content='[vc_row][vc_column][vc_empty_space][\/vc_column][\/vc_row][vc_row][vc_column width=\"1\/3\"][vc_custom_heading text=\"K\u00f6zrem\u0171k\u00f6dnek:\" font_container=\"tag:p|text_align:left\" use_theme_fonts=\"yes\"][vc_column_text css=\"\" el_class=\"kozremukodo-tablazat\"]\r\n\r\n\r\n\r\nNAGY ORGONA\r\n\r\n\r\nVir\u00e1gh Andr\u00e1s\r\n\r\n\r\nSZENT\u00c9LY ORGONA\r\n\r\n\r\nSzotyori Nagy G\u00e1bor\r\n\r\n\r\nSZOPR\u00c1N\r\n\r\n\r\nScheer L\u00edvia\r\n\r\n\r\n' ><\/meta><meta itemprop='startDate' content='2026-5-8T20:00' ><\/meta><meta itemprop='endDate' content='2026-5-8T23:50' ><\/meta><meta itemprop='eventStatus' content='on-schedule' ><\/meta>\n\t\t\t\t\t\t\t\t\t<item style=\"display:none\" itemprop=\"location\" itemscope itemtype=\"http:\/\/schema.org\/Place\">\n\t\t\t\t\t\t\t\t\t\t<span itemprop=\"name\">Szent Istv\u00e1n Bazilika<\/span>\n\t\t\t\t\t\t\t\t\t\t<span itemprop=\"address\" itemscope itemtype=\"http:\/\/schema.org\/PostalAddress\">\n\t\t\t\t\t\t\t\t\t\t\t<item itemprop=\"streetAddress\">Budapest, Szent Istv\u00e1n t\u00e9r 1, 1051<\/item>\n\t\t\t\t\t\t\t\t\t\t<\/span><\/item><script type=\"application\/ld+json\">{\t\"@context\": \"http:\/\/schema.org\",\n\t\t\t\t\t\t\t  \t\"@type\": \"Event\",\n\t\t\t\t\t\t\t  \t\"name\": \"P\u00e9nteki Orgonakoncertek\",\n\t\t\t\t\t\t\t  \t\"startDate\": \"2026-5-8T20-20-00-00\",\n\t\t\t\t\t\t\t  \t\"endDate\": \"2026-5-8T23-23-50-00\",\n\t\t\t\t\t\t\t  \t\"image\":\"https:\/\/www.organconcert.hu\/hu\/events\/penteki-orgonakoncertek-176\/var\/ri-0.l-L2\",\n\t\t\t\t\t\t\t  \t\"description\":\"[vc_row][vc_column][vc_empty_space][\/vc_column][\/vc_row][vc_row][vc_column width=1\/3][vc_custom_heading text=K\u00f6zrem\u0171k\u00f6dnek: font_container=tag:p|text_align:left use_theme_fonts=yes][vc_column_text css= el_class=kozremukodo-tablazat]\r\n\r\n\r\n\r\nNAGY ORGONA\r\n\r\n\r\nVir\u00e1gh Andr\u00e1s\r\n\r\n\r\nSZENT\u00c9LY ORGONA\r\n\r\n\r\nSzotyori Nagy G\u00e1bor\r\n\r\n\r\nSZOPR\u00c1N\r\n\r\n\r\nScheer L\u00edvia\r\n\r\n\r\n\",\n\t\t\t\t\t\t\t  \t\"location\":{\n\t\t\t\t\t\t\t\t\t\t\"@type\":\"Place\",\n\t\t\t\t\t\t\t\t\t\t\"name\":\"Szent Istv\u00e1n Bazilika\",\n\t\t\t\t\t\t\t\t\t\t\"address\":\"Budapest, Szent Istv\u00e1n t\u00e9r 1, 1051\"\n\t\t\t\t\t\t\t  \t\t}\n\t\t\t\t\t\t\t }<\/script><\/div>\n\t\t\t\t<p class=\"desc_trig_outter\"><a data-gmap_status=\"null\" data-exlk=\"1\" href=\"https:\/\/www.organconcert.hu\/hu\/events\/penteki-orgonakoncertek-176\/var\/ri-0.l-L2\" style=\"border-color: #9e070c;\" id=\"evc_17782704001289\" class=\"desc_trig sin_val evcal_list_a\" data-ux_val=\"4\"  ><span class='evcal_cblock ' data-bgcolor='#9e070c' data-smon='m\u00e1jus' data-syr='2026'><span class='evo_start '><em class='month'>m\u00e1jus<\/em><em class='date'>08<\/em><em class='time'>20:00<\/em><em class='day'>p\u00e9ntek<\/em><\/span><em class='clear'><\/em><\/span><span class='evcal_desc evo_info hide_eventtopdata ' data-latlng=\"47.5009241,19.0530248\"  data-location_address=\"Budapest, Szent Istv\u00e1n t\u00e9r 1, 1051\" data-location_type=\"lonlat\" data-location_name=\"Szent Istv\u00e1n Bazilika\" data-location_status=\"true\" ><span class='evo_above_title'><\/span><span class='evcal_desc2 evcal_event_title' itemprop='name'>P\u00e9nteki Orgonakoncertek<\/span><span class='evo_below_title'><\/span><span class='evcal_desc_info' ><em class='evcal_time'>20:00<\/em><\/br><em class=\"evcal_location\" data-latlng=\"47.5009241,19.0530248\"  data-add_str=\"\"><em class=\"event_location_name\">Szent Istv\u00e1n Bazilika<\/em><\/em><\/span><span class='evcal_desc3'><span>\n\t\t\t\t\t\t\t\t\t<em class='evcal_cmd'><i>Bemutatkoz\u00f3:<\/i><\/em>\n\t\t\t\t\t\t\t\t\t<em>2 orgona, 2 orgonista, trombita \u00e9s \u00e9nek<\/em>\n\t\t\t\t\t\t\t\t\t<\/span>\t\t\t\t\t\t\t\t\n\t\t\t\t\t\t\t\t\t<\/span><span class='reszletek hunclass'>R\u00c9SZLETEK<\/span><span class='reszletek engclass'>DETAILS<\/span><\/span><div class='esemeny-lista-ticket'><a class='hunclass' href='https:\/\/organconcert.jegy.hu\/ticketsearch?lang=hu'>JEGYV\u00c1S\u00c1RL\u00c1S<\/a><a class='engclass' href='https:\/\/organconcert.jegy.hu\/ticketsearch?lang=en'>TICKET<\/a><\/div><\/span><em class='clear'><\/em><\/p><\/a><div class='event_description evcal_eventcard ' style=\"display:none\"><div class='evo_metarow_details evorow evcal_evdata_row bordb evcal_event_details'>\n\t\t\t\t\t\t\t<div class=\"event_excerpt\" style=\"display:none\"><h3 class=\"padb5 evo_h3\">R\u00e9szletek<\/h3><p>[vc_row][vc_column][vc_empty_space][\/vc_column][\/vc_row][vc_row][vc_column width=\"1\/3\"][vc_custom_heading text=\"K\u00f6zrem\u0171k\u00f6dnek:\" font_container=\"tag:p|text_align:left\" use_theme_fonts=\"yes\"][vc_column_text css=\"\" el_class=\"kozremukodo-tablazat\"]\r\n\r\n\r\n\r\nNAGY ORGONA\r\n\r\n\r\nVir\u00e1gh Andr\u00e1s\r\n\r\n\r\nSZENT\u00c9LY ORGONA\r\n\r\n\r\nSzotyori Nagy G\u00e1bor\r\n\r\n\r\nSZOPR\u00c1N\r\n\r\n\r\nScheer L\u00edvia\r\n\r\n\r\n<\/p><\/div><span class='evcal_evdata_icons'><i class='fa fa-align-justify'><\/i><\/span>\n\t\t\t\t\t\t\t\n\t\t\t\t\t\t\t<div class='evcal_evdata_cell '><div class='eventon_full_description'>\n\t\t\t\t\t\t\t\t\t<h3 class='padb5 evo_h3'><span class='evcal_evdata_icons'><i class='fa fa-align-justify'><\/i><\/span>R\u00e9szletek<\/h3><div class='eventon_desc_in' itemprop='description'>\n\t\t\t\t\t\t\t\t\t<p>[vc_row][vc_column][vc_empty_space][\/vc_column][\/vc_row][vc_row][vc_column width=&#8221;1\/3&#8243;][vc_custom_heading text=&#8221;K\u00f6zrem\u0171k\u00f6dnek:&#8221; font_container=&#8221;tag:p|text_align:left&#8221; use_theme_fonts=&#8221;yes&#8221;][vc_column_text css=&#8221;&#8221; el_class=&#8221;kozremukodo-tablazat&#8221;]<\/p>\n<table style=\"width: 312px; height: 177px;\">\n<tbody>\n<tr>\n<td style=\"width: 302px;\"><strong>NAGY ORGONA<\/strong><\/td>\n<\/tr>\n<tr>\n<td style=\"width: 302px;\"><strong>Vir\u00e1gh Andr\u00e1s<\/strong><\/td>\n<\/tr>\n<tr>\n<td style=\"width: 302px;\"><strong>SZENT\u00c9LY ORGONA<\/strong><\/td>\n<\/tr>\n<tr>\n<td style=\"width: 302px;\"><strong>Szotyori Nagy G\u00e1bor<\/strong><\/td>\n<\/tr>\n<tr>\n<td style=\"width: 302px;\"><strong>SZOPR\u00c1N<\/strong><\/td>\n<\/tr>\n<tr>\n<td style=\"width: 302px;\"><b>Scheer L\u00edvia<\/b><\/td>\n<\/tr>\n<tr>\n<td style=\"width: 302px;\"><strong>TROMBITA<\/strong><\/td>\n<\/tr>\n<tr>\n<td style=\"width: 302px;\"><strong>Bors\u00f3dy L\u00e1szl\u00f3<\/strong><\/td>\n<\/tr>\n<\/tbody>\n<\/table>\n<p>[\/vc_column_text][\/vc_column][vc_column width=&#8221;2\/3&#8243; css=&#8221;.vc_custom_1533113149530{border-left-width: 1px !important;padding-top: 0px !important;border-left-color: #39373a !important;border-left-style: solid !important;}&#8221;][vc_custom_heading text=&#8221;M\u0171sor:&#8221; font_container=&#8221;tag:p|text_align:left&#8221; use_theme_fonts=&#8221;yes&#8221;][vc_column_text css=&#8221;&#8221; el_class=&#8221;program-tablazat&#8221;]<\/p>\n<table style=\"height: 258px;\" width=\"460\">\n<tbody>\n<tr style=\"height: 24px;\">\n<td style=\"width: 210px; height: 24px;\"><strong>Charpentier <\/strong><\/td>\n<td style=\"width: 233px; height: 24px;\">Te Deum &#8211; trombita<\/td>\n<\/tr>\n<tr style=\"height: 24px;\">\n<td style=\"width: 210px; height: 24px;\"><strong>T. Albinoni <\/strong><\/td>\n<td style=\"width: 233px; height: 24px;\">Adagio<\/td>\n<\/tr>\n<tr style=\"height: 24px;\">\n<td style=\"width: 210px; height: 24px;\"><strong>G. Caccini <\/strong><\/td>\n<td style=\"width: 233px; height: 24px;\">Ave Maria<\/td>\n<\/tr>\n<tr style=\"height: 48px;\">\n<td style=\"width: 210px; height: 48px;\"><strong>J. S. Bach <\/strong><\/td>\n<td style=\"width: 233px; height: 48px;\">d-moll toccata, air \u00e9s f\u00faga \u2013 a Bazilika nagy orgon\u00e1j\u00e1n<\/td>\n<\/tr>\n<tr style=\"height: 24px;\">\n<td style=\"width: 210px; height: 24px;\"><strong>G. F. H\u00e4ndel <\/strong><\/td>\n<td style=\"width: 233px; height: 24px;\">V\u00edzi zene \u2013 trombita<\/td>\n<\/tr>\n<tr style=\"height: 24px;\">\n<td style=\"width: 210px; height: 24px;\"><strong>Ch. Gounod <\/strong><\/td>\n<td style=\"width: 233px; height: 24px;\">Ave Maria<\/td>\n<\/tr>\n<tr style=\"height: 24px;\">\n<td style=\"width: 210px; height: 24px;\"><strong>Liszt Ferenc<\/strong><\/td>\n<td style=\"width: 233px; height: 24px;\">Hosannah<\/td>\n<\/tr>\n<tr style=\"height: 24px;\">\n<td style=\"width: 210px; height: 24px;\"><strong>C. Franck<\/strong><\/td>\n<td style=\"width: 233px; height: 24px;\">Panis angelicus<\/td>\n<\/tr>\n<tr style=\"height: 5px;\">\n<td style=\"width: 210px; height: 10px;\"><strong>H. Purcell<\/strong><\/td>\n<td style=\"width: 233px; height: 10px;\">Trumpet voluntary \u2013 trombita<\/td>\n<\/tr>\n<tr style=\"height: 5px;\">\n<td style=\"width: 210px; height: 10px;\"><strong>P. Mascagni <\/strong><\/td>\n<td style=\"width: 233px; height: 10px;\">Ave Maria<\/td>\n<\/tr>\n<tr style=\"height: 56px;\">\n<td style=\"width: 210px; height: 56px;\"><strong>Ch. M. Widor <\/strong><\/td>\n<td style=\"width: 233px; height: 56px;\">Toccata az 5. Orgonaszimf\u00f3ni\u00e1b\u00f3l \u2013 a Bazilika nagy orgon\u00e1j\u00e1n<\/td>\n<\/tr>\n<\/tbody>\n<\/table>\n<p>[\/vc_column_text][vc_column_text css=&#8221;.vc_custom_1547056169252{margin-bottom: 0px !important;}&#8221; el_class=&#8221;kihuzas&#8221;]<strong>G. F. H\u00e4ndel: V\u00edzi zene<\/strong><\/p>\n<p>Amikor I. Gy\u00f6rgy brit uralkod\u00f3 \u00fcnneps\u00e9get rendezett a Temz\u00e9n, H\u00e4ndelt k\u00e9rte fel az \u00fcnnepi zene kompon\u00e1l\u00e1s\u00e1ra. 50 zen\u00e9sz j\u00e1tszott a haj\u00f3\u00faton, a kir\u00e1lynak annyira tetszett az el\u0151ad\u00e1s, hogy m\u00e9g h\u00e1romszor el\u0151 kellett adni a kedv\u00e9\u00e9rt. A barokk zenekar \u00f6sszes hangszere megsz\u00f3lalt a m\u0171ben, kiv\u00e9ve a csembal\u00f3, mert azt neh\u00e9z lett volna felvinni a haj\u00f3ra.<\/p>\n<p>Koncertjeinken trombita \u00e9s orgona \u00e1tiratban hallhat\u00f3 ez az ismert alkot\u00e1s.[\/vc_column_text][\/vc_column][\/vc_row][vc_row][vc_column][vc_empty_space][\/vc_column][\/vc_row][vc_row][vc_column css=&#8221;.vc_custom_1533113643987{border-top-width: 1px !important;border-top-color: #39373a !important;border-top-style: solid !important;}&#8221;][vc_btn title=&#8221;JEGYV\u00c1S\u00c1RL\u00c1S&#8221; style=&#8221;outline-custom&#8221; outline_custom_color=&#8221;#9e070d&#8221; outline_custom_hover_background=&#8221;#9e070d&#8221; outline_custom_hover_text=&#8221;#ffffff&#8221; shape=&#8221;square&#8221; size=&#8221;lg&#8221; align=&#8221;center&#8221; link=&#8221;url:http%3A%2F%2Forganconcert.jegy.hu%2Fticketsearch%3Flang%3Dhu||target:%20_blank|&#8221;][\/vc_column][\/vc_row]<\/p>\n<\/div><div class='clear'><\/div>\n\t\t\t\t\t\t\t\t<\/div>\n\t\t\t\t\t\t\t<\/div>\n\t\t\t\t\t\t<\/div><\/div><div class='clear end'><\/div><\/div><div id=\"event_1290\" class=\"eventon_list_event evo_eventtop  event\" data-event_id=\"1290\" data-time=\"1778875200-1778889000\" data-colr=\"#9e070c\" itemscope itemtype='http:\/\/schema.org\/Event'><div class=\"evo_event_schema\" style=\"display:none\" ><a itemprop='url'  href='https:\/\/www.organconcert.hu\/hu\/events\/penteki-orgonakoncertek-177\/var\/ri-0.l-L2'><\/a><span itemprop='name'  >P\u00e9nteki Orgonakoncertek<\/span><meta itemprop='image' content='https:\/\/www.organconcert.hu\/hu\/events\/penteki-orgonakoncertek-177\/var\/ri-0.l-L2' ><\/meta><meta itemprop='description' content='[vc_row][vc_column][vc_empty_space][\/vc_column][\/vc_row][vc_row][vc_column width=\"1\/3\"][vc_custom_heading text=\"K\u00f6zrem\u0171k\u00f6dnek:\" font_container=\"tag:p|text_align:left\" use_theme_fonts=\"yes\"][vc_column_text el_class=\"kozremukodo-tablazat\"]\r\n\r\n\r\n\r\nNAGY ORGONA\r\n\r\n\r\nSzotyori Nagy G\u00e1bor\r\n\r\n\r\nSZENT\u00c9LY ORGONA\r\n\r\n\r\nT\u00f3ka \u00c1goston\r\n\r\n\r\nSZOPR\u00c1N\r\n\r\n\r\nScheer L\u00edvia\r\n\r\n\r\nTROMBITA\r\n\r\n\r\n' ><\/meta><meta itemprop='startDate' content='2026-5-15T20:00' ><\/meta><meta itemprop='endDate' content='2026-5-15T23:50' ><\/meta><meta itemprop='eventStatus' content='on-schedule' ><\/meta>\n\t\t\t\t\t\t\t\t\t<item style=\"display:none\" itemprop=\"location\" itemscope itemtype=\"http:\/\/schema.org\/Place\">\n\t\t\t\t\t\t\t\t\t\t<span itemprop=\"name\">Szent Istv\u00e1n Bazilika<\/span>\n\t\t\t\t\t\t\t\t\t\t<span itemprop=\"address\" itemscope itemtype=\"http:\/\/schema.org\/PostalAddress\">\n\t\t\t\t\t\t\t\t\t\t\t<item itemprop=\"streetAddress\">Budapest, Szent Istv\u00e1n t\u00e9r 1, 1051<\/item>\n\t\t\t\t\t\t\t\t\t\t<\/span><\/item><script type=\"application\/ld+json\">{\t\"@context\": \"http:\/\/schema.org\",\n\t\t\t\t\t\t\t  \t\"@type\": \"Event\",\n\t\t\t\t\t\t\t  \t\"name\": \"P\u00e9nteki Orgonakoncertek\",\n\t\t\t\t\t\t\t  \t\"startDate\": \"2026-5-15T20-20-00-00\",\n\t\t\t\t\t\t\t  \t\"endDate\": \"2026-5-15T23-23-50-00\",\n\t\t\t\t\t\t\t  \t\"image\":\"https:\/\/www.organconcert.hu\/hu\/events\/penteki-orgonakoncertek-177\/var\/ri-0.l-L2\",\n\t\t\t\t\t\t\t  \t\"description\":\"[vc_row][vc_column][vc_empty_space][\/vc_column][\/vc_row][vc_row][vc_column width=1\/3][vc_custom_heading text=K\u00f6zrem\u0171k\u00f6dnek: font_container=tag:p|text_align:left use_theme_fonts=yes][vc_column_text el_class=kozremukodo-tablazat]\r\n\r\n\r\n\r\nNAGY ORGONA\r\n\r\n\r\nSzotyori Nagy G\u00e1bor\r\n\r\n\r\nSZENT\u00c9LY ORGONA\r\n\r\n\r\nT\u00f3ka \u00c1goston\r\n\r\n\r\nSZOPR\u00c1N\r\n\r\n\r\nScheer L\u00edvia\r\n\r\n\r\nTROMBITA\r\n\r\n\r\n\",\n\t\t\t\t\t\t\t  \t\"location\":{\n\t\t\t\t\t\t\t\t\t\t\"@type\":\"Place\",\n\t\t\t\t\t\t\t\t\t\t\"name\":\"Szent Istv\u00e1n Bazilika\",\n\t\t\t\t\t\t\t\t\t\t\"address\":\"Budapest, Szent Istv\u00e1n t\u00e9r 1, 1051\"\n\t\t\t\t\t\t\t  \t\t}\n\t\t\t\t\t\t\t }<\/script><\/div>\n\t\t\t\t<p class=\"desc_trig_outter\"><a data-gmap_status=\"null\" data-exlk=\"1\" href=\"https:\/\/www.organconcert.hu\/hu\/events\/penteki-orgonakoncertek-177\/var\/ri-0.l-L2\" style=\"border-color: #9e070c;\" id=\"evc_17788752001290\" class=\"desc_trig sin_val evcal_list_a\" data-ux_val=\"4\"  ><span class='evcal_cblock ' data-bgcolor='#9e070c' data-smon='m\u00e1jus' data-syr='2026'><span class='evo_start '><em class='month'>m\u00e1jus<\/em><em class='date'>15<\/em><em class='time'>20:00<\/em><em class='day'>p\u00e9ntek<\/em><\/span><em class='clear'><\/em><\/span><span class='evcal_desc evo_info hide_eventtopdata ' data-latlng=\"47.5009241,19.0530248\"  data-location_address=\"Budapest, Szent Istv\u00e1n t\u00e9r 1, 1051\" data-location_type=\"lonlat\" data-location_name=\"Szent Istv\u00e1n Bazilika\" data-location_status=\"true\" ><span class='evo_above_title'><\/span><span class='evcal_desc2 evcal_event_title' itemprop='name'>P\u00e9nteki Orgonakoncertek<\/span><span class='evo_below_title'><\/span><span class='evcal_desc_info' ><em class='evcal_time'>20:00<\/em><\/br><em class=\"evcal_location\" data-latlng=\"47.5009241,19.0530248\"  data-add_str=\"\"><em class=\"event_location_name\">Szent Istv\u00e1n Bazilika<\/em><\/em><\/span><span class='evcal_desc3'><span>\n\t\t\t\t\t\t\t\t\t<em class='evcal_cmd'><i>Bemutatkoz\u00f3:<\/i><\/em>\n\t\t\t\t\t\t\t\t\t<em>2 orgona, 2 orgonista, trombita \u00e9s \u00e9nek<\/em>\n\t\t\t\t\t\t\t\t\t<\/span>\t\t\t\t\t\t\t\t\n\t\t\t\t\t\t\t\t\t<\/span><span class='reszletek hunclass'>R\u00c9SZLETEK<\/span><span class='reszletek engclass'>DETAILS<\/span><\/span><div class='esemeny-lista-ticket'><a class='hunclass' href='https:\/\/organconcert.jegy.hu\/ticketsearch?lang=hu'>JEGYV\u00c1S\u00c1RL\u00c1S<\/a><a class='engclass' href='https:\/\/organconcert.jegy.hu\/ticketsearch?lang=en'>TICKET<\/a><\/div><\/span><em class='clear'><\/em><\/p><\/a><div class='event_description evcal_eventcard ' style=\"display:none\"><div class='evo_metarow_details evorow evcal_evdata_row bordb evcal_event_details'>\n\t\t\t\t\t\t\t<div class=\"event_excerpt\" style=\"display:none\"><h3 class=\"padb5 evo_h3\">R\u00e9szletek<\/h3><p>[vc_row][vc_column][vc_empty_space][\/vc_column][\/vc_row][vc_row][vc_column width=\"1\/3\"][vc_custom_heading text=\"K\u00f6zrem\u0171k\u00f6dnek:\" font_container=\"tag:p|text_align:left\" use_theme_fonts=\"yes\"][vc_column_text el_class=\"kozremukodo-tablazat\"]\r\n\r\n\r\n\r\nNAGY ORGONA\r\n\r\n\r\nSzotyori Nagy G\u00e1bor\r\n\r\n\r\nSZENT\u00c9LY ORGONA\r\n\r\n\r\nT\u00f3ka \u00c1goston\r\n\r\n\r\nSZOPR\u00c1N\r\n\r\n\r\nScheer L\u00edvia\r\n\r\n\r\nTROMBITA\r\n\r\n\r\n<\/p><\/div><span class='evcal_evdata_icons'><i class='fa fa-align-justify'><\/i><\/span>\n\t\t\t\t\t\t\t\n\t\t\t\t\t\t\t<div class='evcal_evdata_cell '><div class='eventon_full_description'>\n\t\t\t\t\t\t\t\t\t<h3 class='padb5 evo_h3'><span class='evcal_evdata_icons'><i class='fa fa-align-justify'><\/i><\/span>R\u00e9szletek<\/h3><div class='eventon_desc_in' itemprop='description'>\n\t\t\t\t\t\t\t\t\t<p>[vc_row][vc_column][vc_empty_space][\/vc_column][\/vc_row][vc_row][vc_column width=&#8221;1\/3&#8243;][vc_custom_heading text=&#8221;K\u00f6zrem\u0171k\u00f6dnek:&#8221; font_container=&#8221;tag:p|text_align:left&#8221; use_theme_fonts=&#8221;yes&#8221;][vc_column_text el_class=&#8221;kozremukodo-tablazat&#8221;]<\/p>\n<table style=\"width: 312px; height: 177px;\">\n<tbody>\n<tr>\n<td style=\"width: 302px;\"><strong>NAGY ORGONA<\/strong><\/td>\n<\/tr>\n<tr>\n<td style=\"width: 302px;\"><strong>Szotyori Nagy G\u00e1bor<\/strong><\/td>\n<\/tr>\n<tr>\n<td style=\"width: 302px;\"><strong>SZENT\u00c9LY ORGONA<\/strong><\/td>\n<\/tr>\n<tr>\n<td style=\"width: 302px;\"><strong>T\u00f3ka \u00c1goston<\/strong><\/td>\n<\/tr>\n<tr>\n<td style=\"width: 302px;\"><strong>SZOPR\u00c1N<\/strong><\/td>\n<\/tr>\n<tr>\n<td style=\"width: 302px;\"><b>Scheer L\u00edvia<\/b><\/td>\n<\/tr>\n<tr>\n<td style=\"width: 302px;\"><strong>TROMBITA<\/strong><\/td>\n<\/tr>\n<tr>\n<td style=\"width: 302px;\"><strong>Bors\u00f3dy L\u00e1szl\u00f3<\/strong><\/td>\n<\/tr>\n<\/tbody>\n<\/table>\n<p>[\/vc_column_text][\/vc_column][vc_column width=&#8221;2\/3&#8243; css=&#8221;.vc_custom_1533113149530{border-left-width: 1px !important;padding-top: 0px !important;border-left-color: #39373a !important;border-left-style: solid !important;}&#8221;][vc_custom_heading text=&#8221;M\u0171sor:&#8221; font_container=&#8221;tag:p|text_align:left&#8221; use_theme_fonts=&#8221;yes&#8221;][vc_column_text css=&#8221;&#8221; el_class=&#8221;program-tablazat&#8221;]<\/p>\n<table style=\"height: 258px;\" width=\"460\">\n<tbody>\n<tr style=\"height: 24px;\">\n<td style=\"width: 208px; height: 24px;\"><strong>Charpentier <\/strong><\/td>\n<td style=\"width: 235px; height: 24px;\">Te Deum &#8211; trombita<\/td>\n<\/tr>\n<tr style=\"height: 24px;\">\n<td style=\"width: 208px; height: 24px;\"><strong>T. Albinoni <\/strong><\/td>\n<td style=\"width: 235px; height: 24px;\">Adagio<\/td>\n<\/tr>\n<tr style=\"height: 24px;\">\n<td style=\"width: 208px; height: 24px;\"><strong>G. Caccini <\/strong><\/td>\n<td style=\"width: 235px; height: 24px;\">Ave Maria<\/td>\n<\/tr>\n<tr style=\"height: 48px;\">\n<td style=\"width: 208px; height: 48px;\"><strong>J. S. Bach <\/strong><\/td>\n<td style=\"width: 235px; height: 48px;\">d-moll toccata, air \u00e9s f\u00faga \u2013 a Bazilika nagy orgon\u00e1j\u00e1n<\/td>\n<\/tr>\n<tr style=\"height: 24px;\">\n<td style=\"width: 208px; height: 24px;\"><strong>G. F. H\u00e4ndel <\/strong><\/td>\n<td style=\"width: 235px; height: 24px;\">V\u00edzi zene \u2013 trombita<\/td>\n<\/tr>\n<tr style=\"height: 24px;\">\n<td style=\"width: 208px; height: 24px;\"><strong>Ch. Gounod <\/strong><\/td>\n<td style=\"width: 235px; height: 24px;\">Ave Maria<\/td>\n<\/tr>\n<tr style=\"height: 24px;\">\n<td style=\"width: 208px; height: 24px;\"><strong>Liszt Ferenc<\/strong><\/td>\n<td style=\"width: 235px; height: 24px;\">A keresztes lovagok indul\u00f3ja \u2013 Szent Erzs\u00e9bet legend\u00e1ja<\/td>\n<\/tr>\n<tr style=\"height: 24px;\">\n<td style=\"width: 208px; height: 24px;\"><strong>C. Franck<\/strong><\/td>\n<td style=\"width: 235px; height: 24px;\">Panis angelicus<\/td>\n<\/tr>\n<tr style=\"height: 5px;\">\n<td style=\"width: 208px; height: 10px;\"><strong>H. Purcell<\/strong><\/td>\n<td style=\"width: 235px; height: 10px;\">Trumpet voluntary \u2013 trombita<\/td>\n<\/tr>\n<tr style=\"height: 5px;\">\n<td style=\"width: 208px; height: 10px;\"><strong>P. Mascagni <\/strong><\/td>\n<td style=\"width: 235px; height: 10px;\">Ave Maria<\/td>\n<\/tr>\n<tr style=\"height: 56px;\">\n<td style=\"width: 208px; height: 56px;\"><strong>Ch. M. Widor <\/strong><\/td>\n<td style=\"width: 235px; height: 56px;\">Toccata az 5. Orgonaszimf\u00f3ni\u00e1b\u00f3l \u2013 a Bazilika nagy orgon\u00e1j\u00e1n<\/td>\n<\/tr>\n<\/tbody>\n<\/table>\n<p>[\/vc_column_text][vc_column_text css=&#8221;.vc_custom_1547056169252{margin-bottom: 0px !important;}&#8221; el_class=&#8221;kihuzas&#8221;]<strong>G. F. H\u00e4ndel: V\u00edzi zene<\/strong><\/p>\n<p>Amikor I. Gy\u00f6rgy brit uralkod\u00f3 \u00fcnneps\u00e9get rendezett a Temz\u00e9n, H\u00e4ndelt k\u00e9rte fel az \u00fcnnepi zene kompon\u00e1l\u00e1s\u00e1ra. 50 zen\u00e9sz j\u00e1tszott a haj\u00f3\u00faton, a kir\u00e1lynak annyira tetszett az el\u0151ad\u00e1s, hogy m\u00e9g h\u00e1romszor el\u0151 kellett adni a kedv\u00e9\u00e9rt. A barokk zenekar \u00f6sszes hangszere megsz\u00f3lalt a m\u0171ben, kiv\u00e9ve a csembal\u00f3, mert azt neh\u00e9z lett volna felvinni a haj\u00f3ra.<\/p>\n<p>Koncertjeinken trombita \u00e9s orgona \u00e1tiratban hallhat\u00f3 ez az ismert alkot\u00e1s.[\/vc_column_text][\/vc_column][\/vc_row][vc_row][vc_column][vc_empty_space][\/vc_column][\/vc_row][vc_row][vc_column css=&#8221;.vc_custom_1533113643987{border-top-width: 1px !important;border-top-color: #39373a !important;border-top-style: solid !important;}&#8221;][vc_btn title=&#8221;JEGYV\u00c1S\u00c1RL\u00c1S&#8221; style=&#8221;outline-custom&#8221; outline_custom_color=&#8221;#9e070d&#8221; outline_custom_hover_background=&#8221;#9e070d&#8221; outline_custom_hover_text=&#8221;#ffffff&#8221; shape=&#8221;square&#8221; size=&#8221;lg&#8221; align=&#8221;center&#8221; link=&#8221;url:http%3A%2F%2Forganconcert.jegy.hu%2Fticketsearch%3Flang%3Dhu||target:%20_blank|&#8221;][\/vc_column][\/vc_row]<\/p>\n<\/div><div class='clear'><\/div>\n\t\t\t\t\t\t\t\t<\/div>\n\t\t\t\t\t\t\t<\/div>\n\t\t\t\t\t\t<\/div><\/div><div class='clear end'><\/div><\/div><div id=\"event_1291\" class=\"eventon_list_event evo_eventtop  event\" data-event_id=\"1291\" data-time=\"1779480000-1779493800\" data-colr=\"#9e070c\" itemscope itemtype='http:\/\/schema.org\/Event'><div class=\"evo_event_schema\" style=\"display:none\" ><a itemprop='url'  href='https:\/\/www.organconcert.hu\/hu\/events\/penteki-orgonakoncertek-178\/var\/ri-0.l-L2'><\/a><span itemprop='name'  >P\u00e9nteki Orgonakoncertek<\/span><meta itemprop='image' content='https:\/\/www.organconcert.hu\/hu\/events\/penteki-orgonakoncertek-178\/var\/ri-0.l-L2' ><\/meta><meta itemprop='description' content='[vc_row][vc_column][vc_empty_space][\/vc_column][\/vc_row][vc_row][vc_column width=\"1\/3\"][vc_custom_heading text=\"K\u00f6zrem\u0171k\u00f6dnek:\" font_container=\"tag:p|text_align:left\" use_theme_fonts=\"yes\"][vc_column_text css=\"\" el_class=\"kozremukodo-tablazat\"]\r\n\r\n\r\n\r\nNAGY ORGONA\r\n\r\n\r\nSzotyori Nagy G\u00e1bor\r\n\r\n\r\nSZENT\u00c9LY ORGONA\r\n\r\n\r\nT\u00f3ka \u00c1goston\r\n\r\n\r\nSZOPR\u00c1N\r\n\r\n\r\nKapi Zsuzsanna\r\n\r\n\r\n' ><\/meta><meta itemprop='startDate' content='2026-5-22T20:00' ><\/meta><meta itemprop='endDate' content='2026-5-22T23:50' ><\/meta><meta itemprop='eventStatus' content='on-schedule' ><\/meta>\n\t\t\t\t\t\t\t\t\t<item style=\"display:none\" itemprop=\"location\" itemscope itemtype=\"http:\/\/schema.org\/Place\">\n\t\t\t\t\t\t\t\t\t\t<span itemprop=\"name\">Szent Istv\u00e1n Bazilika<\/span>\n\t\t\t\t\t\t\t\t\t\t<span itemprop=\"address\" itemscope itemtype=\"http:\/\/schema.org\/PostalAddress\">\n\t\t\t\t\t\t\t\t\t\t\t<item itemprop=\"streetAddress\">Budapest, Szent Istv\u00e1n t\u00e9r 1, 1051<\/item>\n\t\t\t\t\t\t\t\t\t\t<\/span><\/item><script type=\"application\/ld+json\">{\t\"@context\": \"http:\/\/schema.org\",\n\t\t\t\t\t\t\t  \t\"@type\": \"Event\",\n\t\t\t\t\t\t\t  \t\"name\": \"P\u00e9nteki Orgonakoncertek\",\n\t\t\t\t\t\t\t  \t\"startDate\": \"2026-5-22T20-20-00-00\",\n\t\t\t\t\t\t\t  \t\"endDate\": \"2026-5-22T23-23-50-00\",\n\t\t\t\t\t\t\t  \t\"image\":\"https:\/\/www.organconcert.hu\/hu\/events\/penteki-orgonakoncertek-178\/var\/ri-0.l-L2\",\n\t\t\t\t\t\t\t  \t\"description\":\"[vc_row][vc_column][vc_empty_space][\/vc_column][\/vc_row][vc_row][vc_column width=1\/3][vc_custom_heading text=K\u00f6zrem\u0171k\u00f6dnek: font_container=tag:p|text_align:left use_theme_fonts=yes][vc_column_text css= el_class=kozremukodo-tablazat]\r\n\r\n\r\n\r\nNAGY ORGONA\r\n\r\n\r\nSzotyori Nagy G\u00e1bor\r\n\r\n\r\nSZENT\u00c9LY ORGONA\r\n\r\n\r\nT\u00f3ka \u00c1goston\r\n\r\n\r\nSZOPR\u00c1N\r\n\r\n\r\nKapi Zsuzsanna\r\n\r\n\r\n\",\n\t\t\t\t\t\t\t  \t\"location\":{\n\t\t\t\t\t\t\t\t\t\t\"@type\":\"Place\",\n\t\t\t\t\t\t\t\t\t\t\"name\":\"Szent Istv\u00e1n Bazilika\",\n\t\t\t\t\t\t\t\t\t\t\"address\":\"Budapest, Szent Istv\u00e1n t\u00e9r 1, 1051\"\n\t\t\t\t\t\t\t  \t\t}\n\t\t\t\t\t\t\t }<\/script><\/div>\n\t\t\t\t<p class=\"desc_trig_outter\"><a data-gmap_status=\"null\" data-exlk=\"1\" href=\"https:\/\/www.organconcert.hu\/hu\/events\/penteki-orgonakoncertek-178\/var\/ri-0.l-L2\" style=\"border-color: #9e070c;\" id=\"evc_17794800001291\" class=\"desc_trig sin_val evcal_list_a\" data-ux_val=\"4\"  ><span class='evcal_cblock ' data-bgcolor='#9e070c' data-smon='m\u00e1jus' data-syr='2026'><span class='evo_start '><em class='month'>m\u00e1jus<\/em><em class='date'>22<\/em><em class='time'>20:00<\/em><em class='day'>p\u00e9ntek<\/em><\/span><em class='clear'><\/em><\/span><span class='evcal_desc evo_info hide_eventtopdata ' data-latlng=\"47.5009241,19.0530248\"  data-location_address=\"Budapest, Szent Istv\u00e1n t\u00e9r 1, 1051\" data-location_type=\"lonlat\" data-location_name=\"Szent Istv\u00e1n Bazilika\" data-location_status=\"true\" ><span class='evo_above_title'><\/span><span class='evcal_desc2 evcal_event_title' itemprop='name'>P\u00e9nteki Orgonakoncertek<\/span><span class='evo_below_title'><\/span><span class='evcal_desc_info' ><em class='evcal_time'>20:00<\/em><\/br><em class=\"evcal_location\" data-latlng=\"47.5009241,19.0530248\"  data-add_str=\"\"><em class=\"event_location_name\">Szent Istv\u00e1n Bazilika<\/em><\/em><\/span><span class='evcal_desc3'><span>\n\t\t\t\t\t\t\t\t\t<em class='evcal_cmd'><i>Bemutatkoz\u00f3:<\/i><\/em>\n\t\t\t\t\t\t\t\t\t<em>2 orgona, 2 orgonista, trombita \u00e9s \u00e9nek<\/em>\n\t\t\t\t\t\t\t\t\t<\/span>\t\t\t\t\t\t\t\t\n\t\t\t\t\t\t\t\t\t<\/span><span class='reszletek hunclass'>R\u00c9SZLETEK<\/span><span class='reszletek engclass'>DETAILS<\/span><\/span><div class='esemeny-lista-ticket'><a class='hunclass' href='https:\/\/organconcert.jegy.hu\/ticketsearch?lang=hu'>JEGYV\u00c1S\u00c1RL\u00c1S<\/a><a class='engclass' href='https:\/\/organconcert.jegy.hu\/ticketsearch?lang=en'>TICKET<\/a><\/div><\/span><em class='clear'><\/em><\/p><\/a><div class='event_description evcal_eventcard ' style=\"display:none\"><div class='evo_metarow_details evorow evcal_evdata_row bordb evcal_event_details'>\n\t\t\t\t\t\t\t<div class=\"event_excerpt\" style=\"display:none\"><h3 class=\"padb5 evo_h3\">R\u00e9szletek<\/h3><p>[vc_row][vc_column][vc_empty_space][\/vc_column][\/vc_row][vc_row][vc_column width=\"1\/3\"][vc_custom_heading text=\"K\u00f6zrem\u0171k\u00f6dnek:\" font_container=\"tag:p|text_align:left\" use_theme_fonts=\"yes\"][vc_column_text css=\"\" el_class=\"kozremukodo-tablazat\"]\r\n\r\n\r\n\r\nNAGY ORGONA\r\n\r\n\r\nSzotyori Nagy G\u00e1bor\r\n\r\n\r\nSZENT\u00c9LY ORGONA\r\n\r\n\r\nT\u00f3ka \u00c1goston\r\n\r\n\r\nSZOPR\u00c1N\r\n\r\n\r\nKapi Zsuzsanna\r\n\r\n\r\n<\/p><\/div><span class='evcal_evdata_icons'><i class='fa fa-align-justify'><\/i><\/span>\n\t\t\t\t\t\t\t\n\t\t\t\t\t\t\t<div class='evcal_evdata_cell '><div class='eventon_full_description'>\n\t\t\t\t\t\t\t\t\t<h3 class='padb5 evo_h3'><span class='evcal_evdata_icons'><i class='fa fa-align-justify'><\/i><\/span>R\u00e9szletek<\/h3><div class='eventon_desc_in' itemprop='description'>\n\t\t\t\t\t\t\t\t\t<p>[vc_row][vc_column][vc_empty_space][\/vc_column][\/vc_row][vc_row][vc_column width=&#8221;1\/3&#8243;][vc_custom_heading text=&#8221;K\u00f6zrem\u0171k\u00f6dnek:&#8221; font_container=&#8221;tag:p|text_align:left&#8221; use_theme_fonts=&#8221;yes&#8221;][vc_column_text css=&#8221;&#8221; el_class=&#8221;kozremukodo-tablazat&#8221;]<\/p>\n<table style=\"width: 312px; height: 177px;\">\n<tbody>\n<tr>\n<td style=\"width: 302px;\"><strong>NAGY ORGONA<\/strong><\/td>\n<\/tr>\n<tr>\n<td style=\"width: 302px;\"><strong>Szotyori Nagy G\u00e1bor<\/strong><\/td>\n<\/tr>\n<tr>\n<td style=\"width: 302px;\"><strong>SZENT\u00c9LY ORGONA<\/strong><\/td>\n<\/tr>\n<tr>\n<td style=\"width: 302px;\"><strong>T\u00f3ka \u00c1goston<\/strong><\/td>\n<\/tr>\n<tr>\n<td style=\"width: 302px;\"><strong>SZOPR\u00c1N<\/strong><\/td>\n<\/tr>\n<tr>\n<td style=\"width: 302px;\"><b>Kapi Zsuzsanna<\/b><\/td>\n<\/tr>\n<tr>\n<td style=\"width: 302px;\"><strong>TROMBITA<\/strong><\/td>\n<\/tr>\n<tr>\n<td style=\"width: 302px;\"><strong>Bors\u00f3dy L\u00e1szl\u00f3<\/strong><\/td>\n<\/tr>\n<\/tbody>\n<\/table>\n<p>[\/vc_column_text][\/vc_column][vc_column width=&#8221;2\/3&#8243; css=&#8221;.vc_custom_1533113149530{border-left-width: 1px !important;padding-top: 0px !important;border-left-color: #39373a !important;border-left-style: solid !important;}&#8221;][vc_custom_heading text=&#8221;M\u0171sor:&#8221; font_container=&#8221;tag:p|text_align:left&#8221; use_theme_fonts=&#8221;yes&#8221;][vc_column_text css=&#8221;&#8221; el_class=&#8221;program-tablazat&#8221;]<\/p>\n<table style=\"height: 258px;\" width=\"460\">\n<tbody>\n<tr style=\"height: 24px;\">\n<td style=\"width: 208px; height: 24px;\"><strong>Charpentier <\/strong><\/td>\n<td style=\"width: 235px; height: 24px;\">Te Deum &#8211; trombita<\/td>\n<\/tr>\n<tr style=\"height: 24px;\">\n<td style=\"width: 208px; height: 24px;\"><strong>T. Albinoni <\/strong><\/td>\n<td style=\"width: 235px; height: 24px;\">Adagio<\/td>\n<\/tr>\n<tr style=\"height: 24px;\">\n<td style=\"width: 208px; height: 24px;\"><strong>G. Caccini <\/strong><\/td>\n<td style=\"width: 235px; height: 24px;\">Ave Maria<\/td>\n<\/tr>\n<tr style=\"height: 48px;\">\n<td style=\"width: 208px; height: 48px;\"><strong>J. S. Bach <\/strong><\/td>\n<td style=\"width: 235px; height: 48px;\">d-moll toccata, air \u00e9s f\u00faga \u2013 a Bazilika nagy orgon\u00e1j\u00e1n<\/td>\n<\/tr>\n<tr style=\"height: 24px;\">\n<td style=\"width: 208px; height: 24px;\"><strong>G. F. H\u00e4ndel <\/strong><\/td>\n<td style=\"width: 235px; height: 24px;\">V\u00edzi zene \u2013 trombita<\/td>\n<\/tr>\n<tr style=\"height: 24px;\">\n<td style=\"width: 208px; height: 24px;\"><strong>Ch. Gounod <\/strong><\/td>\n<td style=\"width: 235px; height: 24px;\">Ave Maria<\/td>\n<\/tr>\n<tr style=\"height: 24px;\">\n<td style=\"width: 208px; height: 24px;\"><strong>Liszt Ferenc<\/strong><\/td>\n<td style=\"width: 235px; height: 24px;\">A keresztes lovagok indul\u00f3ja \u2013 Szent Erzs\u00e9bet legend\u00e1ja<\/td>\n<\/tr>\n<tr style=\"height: 24px;\">\n<td style=\"width: 208px; height: 24px;\"><strong>C. Franck<\/strong><\/td>\n<td style=\"width: 235px; height: 24px;\">Panis angelicus<\/td>\n<\/tr>\n<tr style=\"height: 5px;\">\n<td style=\"width: 208px; height: 10px;\"><strong>H. Purcell<\/strong><\/td>\n<td style=\"width: 235px; height: 10px;\">Trumpet voluntary \u2013 trombita<\/td>\n<\/tr>\n<tr style=\"height: 5px;\">\n<td style=\"width: 208px; height: 10px;\"><strong>P. Mascagni <\/strong><\/td>\n<td style=\"width: 235px; height: 10px;\">Ave Maria<\/td>\n<\/tr>\n<tr style=\"height: 56px;\">\n<td style=\"width: 208px; height: 56px;\"><strong>Ch. M. Widor <\/strong><\/td>\n<td style=\"width: 235px; height: 56px;\">Toccata az 5. Orgonaszimf\u00f3ni\u00e1b\u00f3l \u2013 a Bazilika nagy orgon\u00e1j\u00e1n<\/td>\n<\/tr>\n<\/tbody>\n<\/table>\n<p>[\/vc_column_text][vc_column_text css=&#8221;.vc_custom_1547056169252{margin-bottom: 0px !important;}&#8221; el_class=&#8221;kihuzas&#8221;]<strong>G. F. H\u00e4ndel: V\u00edzi zene<\/strong><\/p>\n<p>Amikor I. Gy\u00f6rgy brit uralkod\u00f3 \u00fcnneps\u00e9get rendezett a Temz\u00e9n, H\u00e4ndelt k\u00e9rte fel az \u00fcnnepi zene kompon\u00e1l\u00e1s\u00e1ra. 50 zen\u00e9sz j\u00e1tszott a haj\u00f3\u00faton, a kir\u00e1lynak annyira tetszett az el\u0151ad\u00e1s, hogy m\u00e9g h\u00e1romszor el\u0151 kellett adni a kedv\u00e9\u00e9rt. A barokk zenekar \u00f6sszes hangszere megsz\u00f3lalt a m\u0171ben, kiv\u00e9ve a csembal\u00f3, mert azt neh\u00e9z lett volna felvinni a haj\u00f3ra.<\/p>\n<p>Koncertjeinken trombita \u00e9s orgona \u00e1tiratban hallhat\u00f3 ez az ismert alkot\u00e1s.[\/vc_column_text][\/vc_column][\/vc_row][vc_row][vc_column][vc_empty_space][\/vc_column][\/vc_row][vc_row][vc_column css=&#8221;.vc_custom_1533113643987{border-top-width: 1px !important;border-top-color: #39373a !important;border-top-style: solid !important;}&#8221;][vc_btn title=&#8221;JEGYV\u00c1S\u00c1RL\u00c1S&#8221; style=&#8221;outline-custom&#8221; outline_custom_color=&#8221;#9e070d&#8221; outline_custom_hover_background=&#8221;#9e070d&#8221; outline_custom_hover_text=&#8221;#ffffff&#8221; shape=&#8221;square&#8221; size=&#8221;lg&#8221; align=&#8221;center&#8221; link=&#8221;url:http%3A%2F%2Forganconcert.jegy.hu%2Fticketsearch%3Flang%3Dhu||target:%20_blank|&#8221;][\/vc_column][\/vc_row]<\/p>\n<\/div><div class='clear'><\/div>\n\t\t\t\t\t\t\t\t<\/div>\n\t\t\t\t\t\t\t<\/div>\n\t\t\t\t\t\t<\/div><\/div><div class='clear end'><\/div><\/div><div id=\"event_1292\" class=\"eventon_list_event evo_eventtop  event\" data-event_id=\"1292\" data-time=\"1780084800-1780098600\" data-colr=\"#9e070c\" itemscope itemtype='http:\/\/schema.org\/Event'><div class=\"evo_event_schema\" style=\"display:none\" ><a itemprop='url'  href='https:\/\/www.organconcert.hu\/hu\/events\/penteki-orgonakoncertek-179\/var\/ri-0.l-L2'><\/a><span itemprop='name'  >P\u00e9nteki Orgonakoncertek<\/span><meta itemprop='image' content='https:\/\/www.organconcert.hu\/hu\/events\/penteki-orgonakoncertek-179\/var\/ri-0.l-L2' ><\/meta><meta itemprop='description' content='[vc_row][vc_column][vc_empty_space][\/vc_column][\/vc_row][vc_row][vc_column width=\"1\/3\"][vc_custom_heading text=\"K\u00f6zrem\u0171k\u00f6dnek:\" font_container=\"tag:p|text_align:left\" use_theme_fonts=\"yes\"][vc_column_text css=\"\" el_class=\"kozremukodo-tablazat\"]\r\n\r\n\r\n\r\nNAGY ORGONA\r\n\r\n\r\nSzotyori Nagy G\u00e1bor\r\n\r\n\r\nSZENT\u00c9LY ORGONA\r\n\r\n\r\nT\u00f3ka \u00c1goston\r\n\r\n\r\nSZOPR\u00c1N\r\n\r\n\r\nKapi Zsuzsanna\r\n\r\n\r\n' ><\/meta><meta itemprop='startDate' content='2026-5-29T20:00' ><\/meta><meta itemprop='endDate' content='2026-5-29T23:50' ><\/meta><meta itemprop='eventStatus' content='on-schedule' ><\/meta>\n\t\t\t\t\t\t\t\t\t<item style=\"display:none\" itemprop=\"location\" itemscope itemtype=\"http:\/\/schema.org\/Place\">\n\t\t\t\t\t\t\t\t\t\t<span itemprop=\"name\">Szent Istv\u00e1n Bazilika<\/span>\n\t\t\t\t\t\t\t\t\t\t<span itemprop=\"address\" itemscope itemtype=\"http:\/\/schema.org\/PostalAddress\">\n\t\t\t\t\t\t\t\t\t\t\t<item itemprop=\"streetAddress\">Budapest, Szent Istv\u00e1n t\u00e9r 1, 1051<\/item>\n\t\t\t\t\t\t\t\t\t\t<\/span><\/item><script type=\"application\/ld+json\">{\t\"@context\": \"http:\/\/schema.org\",\n\t\t\t\t\t\t\t  \t\"@type\": \"Event\",\n\t\t\t\t\t\t\t  \t\"name\": \"P\u00e9nteki Orgonakoncertek\",\n\t\t\t\t\t\t\t  \t\"startDate\": \"2026-5-29T20-20-00-00\",\n\t\t\t\t\t\t\t  \t\"endDate\": \"2026-5-29T23-23-50-00\",\n\t\t\t\t\t\t\t  \t\"image\":\"https:\/\/www.organconcert.hu\/hu\/events\/penteki-orgonakoncertek-179\/var\/ri-0.l-L2\",\n\t\t\t\t\t\t\t  \t\"description\":\"[vc_row][vc_column][vc_empty_space][\/vc_column][\/vc_row][vc_row][vc_column width=1\/3][vc_custom_heading text=K\u00f6zrem\u0171k\u00f6dnek: font_container=tag:p|text_align:left use_theme_fonts=yes][vc_column_text css= el_class=kozremukodo-tablazat]\r\n\r\n\r\n\r\nNAGY ORGONA\r\n\r\n\r\nSzotyori Nagy G\u00e1bor\r\n\r\n\r\nSZENT\u00c9LY ORGONA\r\n\r\n\r\nT\u00f3ka \u00c1goston\r\n\r\n\r\nSZOPR\u00c1N\r\n\r\n\r\nKapi Zsuzsanna\r\n\r\n\r\n\",\n\t\t\t\t\t\t\t  \t\"location\":{\n\t\t\t\t\t\t\t\t\t\t\"@type\":\"Place\",\n\t\t\t\t\t\t\t\t\t\t\"name\":\"Szent Istv\u00e1n Bazilika\",\n\t\t\t\t\t\t\t\t\t\t\"address\":\"Budapest, Szent Istv\u00e1n t\u00e9r 1, 1051\"\n\t\t\t\t\t\t\t  \t\t}\n\t\t\t\t\t\t\t }<\/script><\/div>\n\t\t\t\t<p class=\"desc_trig_outter\"><a data-gmap_status=\"null\" data-exlk=\"1\" href=\"https:\/\/www.organconcert.hu\/hu\/events\/penteki-orgonakoncertek-179\/var\/ri-0.l-L2\" style=\"border-color: #9e070c;\" id=\"evc_17800848001292\" class=\"desc_trig sin_val evcal_list_a\" data-ux_val=\"4\"  ><span class='evcal_cblock ' data-bgcolor='#9e070c' data-smon='m\u00e1jus' data-syr='2026'><span class='evo_start '><em class='month'>m\u00e1jus<\/em><em class='date'>29<\/em><em class='time'>20:00<\/em><em class='day'>p\u00e9ntek<\/em><\/span><em class='clear'><\/em><\/span><span class='evcal_desc evo_info hide_eventtopdata ' data-latlng=\"47.5009241,19.0530248\"  data-location_address=\"Budapest, Szent Istv\u00e1n t\u00e9r 1, 1051\" data-location_type=\"lonlat\" data-location_name=\"Szent Istv\u00e1n Bazilika\" data-location_status=\"true\" ><span class='evo_above_title'><\/span><span class='evcal_desc2 evcal_event_title' itemprop='name'>P\u00e9nteki Orgonakoncertek<\/span><span class='evo_below_title'><\/span><span class='evcal_desc_info' ><em class='evcal_time'>20:00<\/em><\/br><em class=\"evcal_location\" data-latlng=\"47.5009241,19.0530248\"  data-add_str=\"\"><em class=\"event_location_name\">Szent Istv\u00e1n Bazilika<\/em><\/em><\/span><span class='evcal_desc3'><span>\n\t\t\t\t\t\t\t\t\t<em class='evcal_cmd'><i>Bemutatkoz\u00f3:<\/i><\/em>\n\t\t\t\t\t\t\t\t\t<em>2 orgona, 2 orgonista, trombita \u00e9s \u00e9nek<\/em>\n\t\t\t\t\t\t\t\t\t<\/span>\t\t\t\t\t\t\t\t\n\t\t\t\t\t\t\t\t\t<\/span><span class='reszletek hunclass'>R\u00c9SZLETEK<\/span><span class='reszletek engclass'>DETAILS<\/span><\/span><div class='esemeny-lista-ticket'><a class='hunclass' href='https:\/\/organconcert.jegy.hu\/ticketsearch?lang=hu'>JEGYV\u00c1S\u00c1RL\u00c1S<\/a><a class='engclass' href='https:\/\/organconcert.jegy.hu\/ticketsearch?lang=en'>TICKET<\/a><\/div><\/span><em class='clear'><\/em><\/p><\/a><div class='event_description evcal_eventcard ' style=\"display:none\"><div class='evo_metarow_details evorow evcal_evdata_row bordb evcal_event_details'>\n\t\t\t\t\t\t\t<div class=\"event_excerpt\" style=\"display:none\"><h3 class=\"padb5 evo_h3\">R\u00e9szletek<\/h3><p>[vc_row][vc_column][vc_empty_space][\/vc_column][\/vc_row][vc_row][vc_column width=\"1\/3\"][vc_custom_heading text=\"K\u00f6zrem\u0171k\u00f6dnek:\" font_container=\"tag:p|text_align:left\" use_theme_fonts=\"yes\"][vc_column_text css=\"\" el_class=\"kozremukodo-tablazat\"]\r\n\r\n\r\n\r\nNAGY ORGONA\r\n\r\n\r\nSzotyori Nagy G\u00e1bor\r\n\r\n\r\nSZENT\u00c9LY ORGONA\r\n\r\n\r\nT\u00f3ka \u00c1goston\r\n\r\n\r\nSZOPR\u00c1N\r\n\r\n\r\nKapi Zsuzsanna\r\n\r\n\r\n<\/p><\/div><span class='evcal_evdata_icons'><i class='fa fa-align-justify'><\/i><\/span>\n\t\t\t\t\t\t\t\n\t\t\t\t\t\t\t<div class='evcal_evdata_cell '><div class='eventon_full_description'>\n\t\t\t\t\t\t\t\t\t<h3 class='padb5 evo_h3'><span class='evcal_evdata_icons'><i class='fa fa-align-justify'><\/i><\/span>R\u00e9szletek<\/h3><div class='eventon_desc_in' itemprop='description'>\n\t\t\t\t\t\t\t\t\t<p>[vc_row][vc_column][vc_empty_space][\/vc_column][\/vc_row][vc_row][vc_column width=&#8221;1\/3&#8243;][vc_custom_heading text=&#8221;K\u00f6zrem\u0171k\u00f6dnek:&#8221; font_container=&#8221;tag:p|text_align:left&#8221; use_theme_fonts=&#8221;yes&#8221;][vc_column_text css=&#8221;&#8221; el_class=&#8221;kozremukodo-tablazat&#8221;]<\/p>\n<table style=\"width: 312px; height: 177px;\">\n<tbody>\n<tr>\n<td style=\"width: 302px;\"><strong>NAGY ORGONA<\/strong><\/td>\n<\/tr>\n<tr>\n<td style=\"width: 302px;\"><strong>Szotyori Nagy G\u00e1bor<\/strong><\/td>\n<\/tr>\n<tr>\n<td style=\"width: 302px;\"><strong>SZENT\u00c9LY ORGONA<\/strong><\/td>\n<\/tr>\n<tr>\n<td style=\"width: 302px;\"><strong>T\u00f3ka \u00c1goston<\/strong><\/td>\n<\/tr>\n<tr>\n<td style=\"width: 302px;\"><strong>SZOPR\u00c1N<\/strong><\/td>\n<\/tr>\n<tr>\n<td style=\"width: 302px;\"><b>Kapi Zsuzsanna<\/b><\/td>\n<\/tr>\n<tr>\n<td style=\"width: 302px;\"><strong>TROMBITA<\/strong><\/td>\n<\/tr>\n<tr>\n<td style=\"width: 302px;\"><strong>Bors\u00f3dy L\u00e1szl\u00f3<\/strong><\/td>\n<\/tr>\n<\/tbody>\n<\/table>\n<p>[\/vc_column_text][\/vc_column][vc_column width=&#8221;2\/3&#8243; css=&#8221;.vc_custom_1533113149530{border-left-width: 1px !important;padding-top: 0px !important;border-left-color: #39373a !important;border-left-style: solid !important;}&#8221;][vc_custom_heading text=&#8221;M\u0171sor:&#8221; font_container=&#8221;tag:p|text_align:left&#8221; use_theme_fonts=&#8221;yes&#8221;][vc_column_text css=&#8221;&#8221; el_class=&#8221;program-tablazat&#8221;]<\/p>\n<table style=\"height: 258px;\" width=\"460\">\n<tbody>\n<tr style=\"height: 24px;\">\n<td style=\"width: 208px; height: 24px;\"><strong>Charpentier <\/strong><\/td>\n<td style=\"width: 235px; height: 24px;\">Te Deum &#8211; trombita<\/td>\n<\/tr>\n<tr style=\"height: 24px;\">\n<td style=\"width: 208px; height: 24px;\"><strong>T. Albinoni <\/strong><\/td>\n<td style=\"width: 235px; height: 24px;\">Adagio<\/td>\n<\/tr>\n<tr style=\"height: 24px;\">\n<td style=\"width: 208px; height: 24px;\"><strong>G. Caccini <\/strong><\/td>\n<td style=\"width: 235px; height: 24px;\">Ave Maria<\/td>\n<\/tr>\n<tr style=\"height: 48px;\">\n<td style=\"width: 208px; height: 48px;\"><strong>J. S. Bach <\/strong><\/td>\n<td style=\"width: 235px; height: 48px;\">d-moll toccata, air \u00e9s f\u00faga \u2013 a Bazilika nagy orgon\u00e1j\u00e1n<\/td>\n<\/tr>\n<tr style=\"height: 24px;\">\n<td style=\"width: 208px; height: 24px;\"><strong>G. F. H\u00e4ndel <\/strong><\/td>\n<td style=\"width: 235px; height: 24px;\">V\u00edzi zene \u2013 trombita<\/td>\n<\/tr>\n<tr style=\"height: 24px;\">\n<td style=\"width: 208px; height: 24px;\"><strong>Ch. Gounod <\/strong><\/td>\n<td style=\"width: 235px; height: 24px;\">Ave Maria<\/td>\n<\/tr>\n<tr style=\"height: 24px;\">\n<td style=\"width: 208px; height: 24px;\"><strong>Liszt Ferenc<\/strong><\/td>\n<td style=\"width: 235px; height: 24px;\">A keresztes lovagok indul\u00f3ja \u2013 Szent Erzs\u00e9bet legend\u00e1ja<\/td>\n<\/tr>\n<tr style=\"height: 24px;\">\n<td style=\"width: 208px; height: 24px;\"><strong>C. Franck<\/strong><\/td>\n<td style=\"width: 235px; height: 24px;\">Panis angelicus<\/td>\n<\/tr>\n<tr style=\"height: 5px;\">\n<td style=\"width: 208px; height: 10px;\"><strong>H. Purcell<\/strong><\/td>\n<td style=\"width: 235px; height: 10px;\">Trumpet voluntary \u2013 trombita<\/td>\n<\/tr>\n<tr style=\"height: 5px;\">\n<td style=\"width: 208px; height: 10px;\"><strong>P. Mascagni <\/strong><\/td>\n<td style=\"width: 235px; height: 10px;\">Ave Maria<\/td>\n<\/tr>\n<tr style=\"height: 56px;\">\n<td style=\"width: 208px; height: 56px;\"><strong>Ch. M. Widor <\/strong><\/td>\n<td style=\"width: 235px; height: 56px;\">Toccata az 5. Orgonaszimf\u00f3ni\u00e1b\u00f3l \u2013 a Bazilika nagy orgon\u00e1j\u00e1n<\/td>\n<\/tr>\n<\/tbody>\n<\/table>\n<p>[\/vc_column_text][vc_column_text css=&#8221;.vc_custom_1547056169252{margin-bottom: 0px !important;}&#8221; el_class=&#8221;kihuzas&#8221;]<strong>G. F. H\u00e4ndel: V\u00edzi zene<\/strong><\/p>\n<p>Amikor I. Gy\u00f6rgy brit uralkod\u00f3 \u00fcnneps\u00e9get rendezett a Temz\u00e9n, H\u00e4ndelt k\u00e9rte fel az \u00fcnnepi zene kompon\u00e1l\u00e1s\u00e1ra. 50 zen\u00e9sz j\u00e1tszott a haj\u00f3\u00faton, a kir\u00e1lynak annyira tetszett az el\u0151ad\u00e1s, hogy m\u00e9g h\u00e1romszor el\u0151 kellett adni a kedv\u00e9\u00e9rt. A barokk zenekar \u00f6sszes hangszere megsz\u00f3lalt a m\u0171ben, kiv\u00e9ve a csembal\u00f3, mert azt neh\u00e9z lett volna felvinni a haj\u00f3ra.<\/p>\n<p>Koncertjeinken trombita \u00e9s orgona \u00e1tiratban hallhat\u00f3 ez az ismert alkot\u00e1s.[\/vc_column_text][\/vc_column][\/vc_row][vc_row][vc_column][vc_empty_space][\/vc_column][\/vc_row][vc_row][vc_column css=&#8221;.vc_custom_1533113643987{border-top-width: 1px !important;border-top-color: #39373a !important;border-top-style: solid !important;}&#8221;][vc_btn title=&#8221;JEGYV\u00c1S\u00c1RL\u00c1S&#8221; style=&#8221;outline-custom&#8221; outline_custom_color=&#8221;#9e070d&#8221; outline_custom_hover_background=&#8221;#9e070d&#8221; outline_custom_hover_text=&#8221;#ffffff&#8221; shape=&#8221;square&#8221; size=&#8221;lg&#8221; align=&#8221;center&#8221; link=&#8221;url:http%3A%2F%2Forganconcert.jegy.hu%2Fticketsearch%3Flang%3Dhu||target:%20_blank|&#8221;][\/vc_column][\/vc_row]<\/p>\n<\/div><div class='clear'><\/div>\n\t\t\t\t\t\t\t\t<\/div>\n\t\t\t\t\t\t\t<\/div>\n\t\t\t\t\t\t<\/div><\/div><div class='clear end'><\/div><\/div>\t\t\t<div class='clear'><\/div>\n\t\t\t<\/div><!-- #evcal_list-->\n\t\t\t<div class='clear'><\/div>\n\n\t\t\t\t\t \t<div class='evocal_data'  data-base='{\"cyear\":\"2026\",\"cmonth\":\"5\",\"runajax\":\"1\",\"evc_open\":\"0\",\"cal_ver\":\"2.6.11\",\"mapscroll\":\"true\",\"mapformat\":\"roadmap\",\"mapzoom\":\"18\",\"mapiconurl\":\"\",\"ev_cnt\":\"0\",\"show_limit\":\"no\",\"tiles\":\"no\",\"sort_by\":\"sort_date\",\"filters_on\":\"false\",\"range_start\":0,\"range_end\":0,\"send_unix\":\"0\",\"ux_val\":\"0\",\"accord\":\"0\",\"rtl\":\"no\"}' data-sc='{\"hide_past\":\"no\",\"show_et_ft_img\":\"yes\",\"event_order\":\"ASC\",\"ft_event_priority\":\"no\",\"lang\":\"L2\",\"month_incre\":\"0\",\"only_ft\":\"no\",\"evc_open\":\"no\",\"show_limit\":\"no\",\"etc_override\":\"no\",\"show_limit_redir\":\"0\",\"tiles\":\"no\",\"tile_height\":\"0\",\"tile_bg\":\"0\",\"tile_count\":\"2\",\"tile_style\":\"0\",\"s\":\"\",\"members_only\":\"no\",\"ux_val\":\"0\",\"show_limit_ajax\":\"no\",\"show_limit_paged\":\"1\",\"hide_mult_occur\":\"no\",\"show_repeats\":\"no\"}'><\/div>\n\t\t\t\t\n\t\t\t\n\t\t\t\t\t\t<\/div><!-- .ajde_evcal_calendar-->\n\n\t\t\t[\/vc_column_text][\/vc_column][\/vc_row]<\/p>\n<\/div>","protected":false},"excerpt":{"rendered":"<p>[vc_row][vc_column][vc_custom_heading text=&#8221;PROGRAMOK&#8221; font_container=&#8221;tag:h2|font_size:60|text_align:center|color:%239e070d&#8221; use_theme_fonts=&#8221;yes&#8221;][vc_column_text][\/vc_column_text][\/vc_column][\/vc_row]<\/p>\n","protected":false},"author":1,"featured_media":0,"parent":0,"menu_order":0,"comment_status":"closed","ping_status":"closed","template":"","meta":{"footnotes":""},"class_list":["post-279","page","type-page","status-publish","hentry"],"_links":{"self":[{"href":"https:\/\/www.organconcert.hu\/hu\/wp-json\/wp\/v2\/pages\/279","targetHints":{"allow":["GET"]}}],"collection":[{"href":"https:\/\/www.organconcert.hu\/hu\/wp-json\/wp\/v2\/pages"}],"about":[{"href":"https:\/\/www.organconcert.hu\/hu\/wp-json\/wp\/v2\/types\/page"}],"author":[{"embeddable":true,"href":"https:\/\/www.organconcert.hu\/hu\/wp-json\/wp\/v2\/users\/1"}],"replies":[{"embeddable":true,"href":"https:\/\/www.organconcert.hu\/hu\/wp-json\/wp\/v2\/comments?post=279"}],"version-history":[{"count":30,"href":"https:\/\/www.organconcert.hu\/hu\/wp-json\/wp\/v2\/pages\/279\/revisions"}],"predecessor-version":[{"id":587,"href":"https:\/\/www.organconcert.hu\/hu\/wp-json\/wp\/v2\/pages\/279\/revisions\/587"}],"wp:attachment":[{"href":"https:\/\/www.organconcert.hu\/hu\/wp-json\/wp\/v2\/media?parent=279"}],"curies":[{"name":"wp","href":"https:\/\/api.w.org\/{rel}","templated":true}]}}