{"id":575,"date":"2018-11-21T19:45:21","date_gmt":"2018-11-21T17:45:21","guid":{"rendered":"https:\/\/www.organconcert.hu\/?post_type=muveszek&#038;p=575"},"modified":"2018-12-05T10:46:09","modified_gmt":"2018-12-05T08:46:09","slug":"solti-kamarazenekar","status":"publish","type":"muveszek","link":"https:\/\/www.organconcert.hu\/hu\/muveszek\/solti-kamarazenekar\/","title":{"rendered":"Solti Kamarazenekar"},"content":{"rendered":"<div class=\"wpb-content-wrapper\"><p><\/p>\n<p>[vc_row][vc_column][vc_custom_heading text=&#8221;M\u0170V\u00c9SZEK&#8221; font_container=&#8221;tag:h2|font_size:60|text_align:center|color:%239e070d&#8221; use_theme_fonts=&#8221;yes&#8221;][\/vc_column][\/vc_row][vc_row css=&#8221;.vc_custom_1532887450226{margin-bottom: 20px !important;}&#8221;][vc_column width=&#8221;1\/3&#8243;][vc_single_image image=&#8221;589&#8243; img_size=&#8221;full&#8221; alignment=&#8221;center&#8221;][\/vc_column][vc_column width=&#8221;2\/3&#8243; css=&#8221;.vc_custom_1532886704969{border-left-width: 1px !important;padding-top: 0px !important;border-left-color: #39373a !important;border-left-style: solid !important;}&#8221;][vc_custom_heading text=&#8221;Solti Kamarazenekar&#8221; font_container=&#8221;tag:h3|font_size:26|text_align:left|color:%2339373a&#8221; use_theme_fonts=&#8221;yes&#8221; css=&#8221;.vc_custom_1542824357348{margin-bottom: 0px !important;padding-bottom: 0px !important;}&#8221;][vc_custom_heading text=&#8221;&#8221; font_container=&#8221;tag:h3|font_size:20|text_align:left|color:%2339373a&#8221; use_theme_fonts=&#8221;yes&#8221;][vc_column_text css=&#8221;.vc_custom_1542822294540{margin-bottom: 0px !important;}&#8221;]A Liszt Ferenc Zeneakad\u00e9mi\u00e1n diplom\u00e1t szerzett, ifj\u00fa muzsikusokb\u00f3l \u00e1ll\u00f3 egy\u00fcttest 1998-ban alap\u00edtotta Pusk\u00e1sn\u00e9 Isp\u00e1n Franciska abb\u00f3l a c\u00e9lb\u00f3l, hogy \u00e1polj\u00e1k a legend\u00e1s magyar dirigens, Solti Gy\u00f6rgy eml\u00e9k\u00e9t.<\/p>\n<p>A Solti Kamarazenekar az elm\u00falt \u00e9vekben t\u00f6bb nagy siker\u0171 koncertet adott, t\u00f6bbek k\u00f6z\u00f6tt V\u00e1s\u00e1ry Tam\u00e1s \u00e9s Jurij Szimonov vez\u00e9nylet\u00e9vel. Sz\u00f3listapartner\u00fck volt Ruggiero Ricci, Tokody Ilona, Marton \u00c9va, Per\u00e9nyi Mikl\u00f3s, Kocsis Zolt\u00e1n, Bar\u00e1ti Krist\u00f3f, Malek Mikl\u00f3s, Malek Andrea, K\u00e1r\u00e1szy Szilvia, stb. Nev\u00fckh\u00f6z f\u0171z\u0151dik Fischer Annie eml\u00e9k\u00e9re tartott Operah\u00e1zi centen\u00e1riumi koncert.<\/p>\n<p>A zenekar tov\u00e1bbi c\u00e9lja a magyar zenem\u0171v\u00e9szet, illet\u0151leg alkot\u00e1sainak \u00e9s zenem\u0171v\u00e9szeinek hazai \u00e9s k\u00fclf\u00f6ldi megismertet\u00e9s\u00e9nek el\u0151seg\u00edt\u00e9se valamint a von\u00f3szenekari kult\u00fara hagyom\u00e1nyainak a meg\u0151rz\u00e9se. A zenekar rendszeresen megh\u00edv ifj\u00fa sz\u00f3lista k\u00f6zrem\u0171k\u00f6d\u0151ket, felkarolja \u00e9s t\u00e1mogatja a kiemelked\u0151 tehets\u00e9g\u0171 gyermekek koncerthez jut\u00e1si lehet\u0151s\u00e9g\u00e9t. C\u00e9l a magyar zenem\u0171v\u00e9szet alkot\u00e1sainak sz\u00e9lesk\u00f6r\u0171 ismertet\u00e9se sokszor j\u00f3t\u00e9kony c\u00e9llal budapesti gimn\u00e1ziumok tanul\u00f3inak, k\u00f3rh\u00e1zak orvosainak, \u00e1pol\u00f3inak.<\/p>\n<p>Rendszeresen koncerteznek a Stef\u00e1nia Palot\u00e1ban, fell\u00e9ptek a Magyar R\u00e1di\u00f3 M\u00e1rv\u00e1nyterm\u00e9ben, a Zeneakad\u00e9mi\u00e1n, a Magyar \u00c1llami Operah\u00e1zban.<\/p>\n<p>2018-t\u00f3l \u00e1lland\u00f3 k\u00f6zrem\u0171k\u00f6d\u0151k a Szent Istv\u00e1n Bazilika G\u00e1lakoncertjein.<\/p>\n<p>A zenekar jelenlegi tags\u00e1ga neves, a Liszt Ferenc Zenem\u0171v\u00e9szeti Egyetemen v\u00e9gzett m\u0171v\u00e9szeib\u0151l \u00e1ll. Az elm\u00falt \u00e9vek alatt a zenekar a magyar zenei \u00e9let r\u00e9sz\u00e9v\u00e9 v\u00e1lt \u00e9s szakmai sz\u00ednvonal\u00e1val bizony\u00edtja f\u0151 c\u00e9lj\u00e1t: Maestro Solti zenei \u00f6r\u00f6ks\u00e9g\u00e9hez val\u00f3 h\u0171s\u00e9g\u00e9t.[\/vc_column_text][\/vc_column][\/vc_row]<\/p>\n<p><\/p>\n<\/div>","protected":false},"excerpt":{"rendered":"<p>A Liszt Ferenc Zeneakad\u00e9mi\u00e1n diplom\u00e1t szerzett, ifj\u00fa muzsikusokb\u00f3l \u00e1ll\u00f3 egy\u00fcttest 1998-ban alap\u00edtotta&#8230;<\/p>\n","protected":false},"featured_media":589,"template":"","meta":[],"class_list":["post-575","muveszek","type-muveszek","status-publish","has-post-thumbnail","hentry"],"_links":{"self":[{"href":"https:\/\/www.organconcert.hu\/hu\/wp-json\/wp\/v2\/muveszek\/575","targetHints":{"allow":["GET"]}}],"collection":[{"href":"https:\/\/www.organconcert.hu\/hu\/wp-json\/wp\/v2\/muveszek"}],"about":[{"href":"https:\/\/www.organconcert.hu\/hu\/wp-json\/wp\/v2\/types\/muveszek"}],"wp:featuredmedia":[{"embeddable":true,"href":"https:\/\/www.organconcert.hu\/hu\/wp-json\/wp\/v2\/media\/589"}],"wp:attachment":[{"href":"https:\/\/www.organconcert.hu\/hu\/wp-json\/wp\/v2\/media?parent=575"}],"curies":[{"name":"wp","href":"https:\/\/api.w.org\/{rel}","templated":true}]}}